{"id":4935,"date":"2026-03-10T17:20:52","date_gmt":"2026-03-10T17:20:52","guid":{"rendered":"https:\/\/publicacionesaquila.com\/?post_type=product&#038;p=4935"},"modified":"2026-03-10T19:29:06","modified_gmt":"2026-03-10T19:29:06","slug":"2000-anos-del-poder-de-cristo-renacimiento-y-reforma","status":"publish","type":"product","link":"https:\/\/publicacionesaquila.com\/en\/product\/2000-anos-del-poder-de-cristo-renacimiento-y-reforma\/","title":{"rendered":"2000 A\u00f1os del Poder de Cristo: Renacimiento y Reforma"},"content":{"rendered":"","protected":false},"excerpt":{"rendered":"<p>&nbsp;<\/p>\n<p><a style=\"display: inline-block; padding: 12px 24px; font-size: 14px; color: black; background-color: white; border: 2px solid #000; border-radius: 5px; text-decoration: none; transition: all 0.3s ease; cursor: pointer;\" href=\"https:\/\/www.cristianismohist.com\/2000-anos-del-poder-de-cristo-renacimiento-y-reforma-siglo-xvi-vol-3\/\" target=\"_blank\" rel=\"noopener\">Order this book<br \/>\n<\/a><\/p>\n<p>&nbsp;<\/p>\n<div id=\"ProductDescription\" class=\"Block Moveable Panel ProductDescription current\">\n<div class=\"ProductDescriptionContainer prodAccordionContent\">\n<p><strong>2000 A\u00f1os del Poder de Cristo<\/strong> es una extraordinaria serie de varios vol\u00famenes dedicada a recorrer la historia de la Iglesia cristiana a trav\u00e9s de los siglos. Acad\u00e9micamente fiable y cuidadosamente documentada, pero escrita con un estilo \u00e1gil, claro y, en no pocas ocasiones, sazonado con agudo humor, esta obra ocupa una categor\u00eda casi \u00fanica en su especie: la de una historia seria que puede ser le\u00edda con verdadero provecho y placer por cualquier persona interesada en conocer el desarrollo del cristianismo.<\/p>\n<p>En este volumen, el lector es llevado a uno de los periodos m\u00e1s decisivos, turbulentos y fascinantes de la historia occidental. El Renacimiento irrumpi\u00f3 como una reacci\u00f3n contra la mentalidad de la Edad Media, removiendo antiguas estructuras, despertando nuevas inquietudes y preparando el escenario para cambios profundos. De aquel fermento hist\u00f3rico surgi\u00f3 la Reforma: un conflicto intenso, apasionado y profundamente divisivo, cuyas controversias no solo sacudieron a Europa, sino que moldearon el mundo cristiano tal como lo conocemos hasta hoy.<\/p>\n<p>Las grandes preguntas doctrinales dejaron de ser meras discusiones acad\u00e9micas para convertirse en asuntos de conciencia, p\u00falpito, pol\u00edtica y, muchas veces, de vida o muerte. \u00bfPan y vino, o cuerpo y sangre? \u00bfBautismo de infantes o de creyentes? \u00bfSola fe, o una fe acompa\u00f1ada de m\u00e9ritos humanos? Cat\u00f3licos, luteranos, calvinistas, anabaptistas\u2026 muchas de las divisiones que hoy reconocemos como parte del paisaje cristiano fueron, en su momento, los pol\u00e9micos titulares de primera plana de una \u00e9poca convulsionada.<\/p>\n<p>Con claridad, erudici\u00f3n y notable capacidad narrativa, esta obra permite al lector comprender no solo los hechos, sino tambi\u00e9n las ideas, tensiones, personajes y pasiones que dieron forma a uno de los cap\u00edtulos m\u00e1s trascendentales en la historia de la Iglesia.<\/p>\n<\/div>\n<\/div>","protected":false},"featured_media":4943,"comment_status":"closed","ping_status":"closed","template":"","meta":[],"product_brand":[135],"product_cat":[139,755],"product_tag":[],"class_list":{"0":"post-4935","1":"product","2":"type-product","3":"status-publish","4":"has-post-thumbnail","6":"product_brand-nick-needham","7":"product_cat-aquila","8":"product_cat-historia","10":"first","11":"instock","12":"sale","13":"shipping-taxable","14":"product-type-simple"},"yoast_head":"<!-- This site is optimized with the Yoast SEO plugin v27.5 - https:\/\/yoast.com\/product\/yoast-seo-wordpress\/ -->\n<title>2000 A\u00f1os del Poder de Cristo: Renacimiento y Reforma - Publicaciones Aquila<\/title>\n<meta name=\"robots\" content=\"index, follow, max-snippet:-1, max-image-preview:large, max-video-preview:-1\" \/>\n<link rel=\"canonical\" href=\"https:\/\/publicacionesaquila.com\/en\/product\/2000-anos-del-poder-de-cristo-renacimiento-y-reforma\/\" \/>\n<meta property=\"og:locale\" content=\"en_US\" \/>\n<meta property=\"og:type\" content=\"article\" \/>\n<meta property=\"og:title\" content=\"2000 A\u00f1os del Poder de Cristo: Renacimiento y Reforma - Publicaciones Aquila\" \/>\n<meta property=\"og:description\" content=\"&nbsp;  Ordenar este libro   &nbsp;    2000 A\u00f1os del Poder de Cristo es una extraordinaria serie de varios vol\u00famenes dedicada a recorrer la historia de la Iglesia cristiana a trav\u00e9s de los siglos. Acad\u00e9micamente fiable y cuidadosamente documentada, pero escrita con un estilo \u00e1gil, claro y, en no pocas ocasiones, sazonado con agudo humor, esta obra ocupa una categor\u00eda casi \u00fanica en su especie: la de una historia seria que puede ser le\u00edda con verdadero provecho y placer por cualquier persona interesada en conocer el desarrollo del cristianismo.  En este volumen, el lector es llevado a uno de los periodos m\u00e1s decisivos, turbulentos y fascinantes de la historia occidental. El Renacimiento irrumpi\u00f3 como una reacci\u00f3n contra la mentalidad de la Edad Media, removiendo antiguas estructuras, despertando nuevas inquietudes y preparando el escenario para cambios profundos. De aquel fermento hist\u00f3rico surgi\u00f3 la Reforma: un conflicto intenso, apasionado y profundamente divisivo, cuyas controversias no solo sacudieron a Europa, sino que moldearon el mundo cristiano tal como lo conocemos hasta hoy.  Las grandes preguntas doctrinales dejaron de ser meras discusiones acad\u00e9micas para convertirse en asuntos de conciencia, p\u00falpito, pol\u00edtica y, muchas veces, de vida o muerte. \u00bfPan y vino, o cuerpo y sangre? \u00bfBautismo de infantes o de creyentes? \u00bfSola fe, o una fe acompa\u00f1ada de m\u00e9ritos humanos? Cat\u00f3licos, luteranos, calvinistas, anabaptistas\u2026 muchas de las divisiones que hoy reconocemos como parte del paisaje cristiano fueron, en su momento, los pol\u00e9micos titulares de primera plana de una \u00e9poca convulsionada.  Con claridad, erudici\u00f3n y notable capacidad narrativa, esta obra permite al lector comprender no solo los hechos, sino tambi\u00e9n las ideas, tensiones, personajes y pasiones que dieron forma a uno de los cap\u00edtulos m\u00e1s trascendentales en la historia de la Iglesia.\" \/>\n<meta property=\"og:url\" content=\"https:\/\/publicacionesaquila.com\/en\/product\/2000-anos-del-poder-de-cristo-renacimiento-y-reforma\/\" \/>\n<meta property=\"og:site_name\" content=\"Publicaciones Aquila\" \/>\n<meta property=\"article:modified_time\" content=\"2026-03-10T19:29:06+00:00\" \/>\n<meta property=\"og:image\" content=\"https:\/\/publicacionesaquila.com\/wp-content\/uploads\/2026\/03\/2000-3.jpg\" \/>\n\t<meta property=\"og:image:width\" content=\"1080\" \/>\n\t<meta property=\"og:image:height\" content=\"1080\" \/>\n\t<meta property=\"og:image:type\" content=\"image\/jpeg\" \/>\n<meta name=\"twitter:card\" content=\"summary_large_image\" \/>\n<meta name=\"twitter:label1\" content=\"Est. reading time\" \/>\n\t<meta name=\"twitter:data1\" content=\"1 minute\" \/>\n<script type=\"application\/ld+json\" class=\"yoast-schema-graph\">{\"@context\":\"https:\\\/\\\/schema.org\",\"@graph\":[{\"@type\":\"WebPage\",\"@id\":\"https:\\\/\\\/publicacionesaquila.com\\\/producto\\\/2000-anos-del-poder-de-cristo-renacimiento-y-reforma\\\/\",\"url\":\"https:\\\/\\\/publicacionesaquila.com\\\/producto\\\/2000-anos-del-poder-de-cristo-renacimiento-y-reforma\\\/\",\"name\":\"2000 A\u00f1os del Poder de Cristo: Renacimiento y Reforma - Publicaciones Aquila\",\"isPartOf\":{\"@id\":\"https:\\\/\\\/publicacionesaquila.com\\\/#website\"},\"primaryImageOfPage\":{\"@id\":\"https:\\\/\\\/publicacionesaquila.com\\\/producto\\\/2000-anos-del-poder-de-cristo-renacimiento-y-reforma\\\/#primaryimage\"},\"image\":{\"@id\":\"https:\\\/\\\/publicacionesaquila.com\\\/producto\\\/2000-anos-del-poder-de-cristo-renacimiento-y-reforma\\\/#primaryimage\"},\"thumbnailUrl\":\"https:\\\/\\\/publicacionesaquila.com\\\/wp-content\\\/uploads\\\/2026\\\/03\\\/2000-3.jpg\",\"datePublished\":\"2026-03-10T17:20:52+00:00\",\"dateModified\":\"2026-03-10T19:29:06+00:00\",\"breadcrumb\":{\"@id\":\"https:\\\/\\\/publicacionesaquila.com\\\/producto\\\/2000-anos-del-poder-de-cristo-renacimiento-y-reforma\\\/#breadcrumb\"},\"inLanguage\":\"en-US\",\"potentialAction\":[{\"@type\":\"ReadAction\",\"target\":[\"https:\\\/\\\/publicacionesaquila.com\\\/producto\\\/2000-anos-del-poder-de-cristo-renacimiento-y-reforma\\\/\"]}]},{\"@type\":\"ImageObject\",\"inLanguage\":\"en-US\",\"@id\":\"https:\\\/\\\/publicacionesaquila.com\\\/producto\\\/2000-anos-del-poder-de-cristo-renacimiento-y-reforma\\\/#primaryimage\",\"url\":\"https:\\\/\\\/publicacionesaquila.com\\\/wp-content\\\/uploads\\\/2026\\\/03\\\/2000-3.jpg\",\"contentUrl\":\"https:\\\/\\\/publicacionesaquila.com\\\/wp-content\\\/uploads\\\/2026\\\/03\\\/2000-3.jpg\",\"width\":1080,\"height\":1080},{\"@type\":\"BreadcrumbList\",\"@id\":\"https:\\\/\\\/publicacionesaquila.com\\\/producto\\\/2000-anos-del-poder-de-cristo-renacimiento-y-reforma\\\/#breadcrumb\",\"itemListElement\":[{\"@type\":\"ListItem\",\"position\":1,\"name\":\"Portada\",\"item\":\"https:\\\/\\\/publicacionesaquila.com\\\/\"},{\"@type\":\"ListItem\",\"position\":2,\"name\":\"Publicaciones\",\"item\":\"https:\\\/\\\/publicacionesaquila.com\\\/publicaciones\\\/\"},{\"@type\":\"ListItem\",\"position\":3,\"name\":\"2000 A\u00f1os del Poder de Cristo: Renacimiento y Reforma\"}]},{\"@type\":\"WebSite\",\"@id\":\"https:\\\/\\\/publicacionesaquila.com\\\/#website\",\"url\":\"https:\\\/\\\/publicacionesaquila.com\\\/\",\"name\":\"Publicaciones Aquila\",\"description\":\"Cat\u00e1logo de Libros\",\"potentialAction\":[{\"@type\":\"SearchAction\",\"target\":{\"@type\":\"EntryPoint\",\"urlTemplate\":\"https:\\\/\\\/publicacionesaquila.com\\\/?s={search_term_string}\"},\"query-input\":{\"@type\":\"PropertyValueSpecification\",\"valueRequired\":true,\"valueName\":\"search_term_string\"}}],\"inLanguage\":\"en-US\"}]}<\/script>\n<!-- \/ Yoast SEO plugin. -->","yoast_head_json":{"title":"2000 A\u00f1os del Poder de Cristo: Renacimiento y Reforma - Publicaciones Aquila","robots":{"index":"index","follow":"follow","max-snippet":"max-snippet:-1","max-image-preview":"max-image-preview:large","max-video-preview":"max-video-preview:-1"},"canonical":"https:\/\/publicacionesaquila.com\/en\/product\/2000-anos-del-poder-de-cristo-renacimiento-y-reforma\/","og_locale":"en_US","og_type":"article","og_title":"2000 A\u00f1os del Poder de Cristo: Renacimiento y Reforma - Publicaciones Aquila","og_description":"&nbsp;  Ordenar este libro   &nbsp;    2000 A\u00f1os del Poder de Cristo es una extraordinaria serie de varios vol\u00famenes dedicada a recorrer la historia de la Iglesia cristiana a trav\u00e9s de los siglos. Acad\u00e9micamente fiable y cuidadosamente documentada, pero escrita con un estilo \u00e1gil, claro y, en no pocas ocasiones, sazonado con agudo humor, esta obra ocupa una categor\u00eda casi \u00fanica en su especie: la de una historia seria que puede ser le\u00edda con verdadero provecho y placer por cualquier persona interesada en conocer el desarrollo del cristianismo.  En este volumen, el lector es llevado a uno de los periodos m\u00e1s decisivos, turbulentos y fascinantes de la historia occidental. El Renacimiento irrumpi\u00f3 como una reacci\u00f3n contra la mentalidad de la Edad Media, removiendo antiguas estructuras, despertando nuevas inquietudes y preparando el escenario para cambios profundos. De aquel fermento hist\u00f3rico surgi\u00f3 la Reforma: un conflicto intenso, apasionado y profundamente divisivo, cuyas controversias no solo sacudieron a Europa, sino que moldearon el mundo cristiano tal como lo conocemos hasta hoy.  Las grandes preguntas doctrinales dejaron de ser meras discusiones acad\u00e9micas para convertirse en asuntos de conciencia, p\u00falpito, pol\u00edtica y, muchas veces, de vida o muerte. \u00bfPan y vino, o cuerpo y sangre? \u00bfBautismo de infantes o de creyentes? \u00bfSola fe, o una fe acompa\u00f1ada de m\u00e9ritos humanos? Cat\u00f3licos, luteranos, calvinistas, anabaptistas\u2026 muchas de las divisiones que hoy reconocemos como parte del paisaje cristiano fueron, en su momento, los pol\u00e9micos titulares de primera plana de una \u00e9poca convulsionada.  Con claridad, erudici\u00f3n y notable capacidad narrativa, esta obra permite al lector comprender no solo los hechos, sino tambi\u00e9n las ideas, tensiones, personajes y pasiones que dieron forma a uno de los cap\u00edtulos m\u00e1s trascendentales en la historia de la Iglesia.","og_url":"https:\/\/publicacionesaquila.com\/en\/product\/2000-anos-del-poder-de-cristo-renacimiento-y-reforma\/","og_site_name":"Publicaciones Aquila","article_modified_time":"2026-03-10T19:29:06+00:00","og_image":[{"width":1080,"height":1080,"url":"https:\/\/publicacionesaquila.com\/wp-content\/uploads\/2026\/03\/2000-3.jpg","type":"image\/jpeg"}],"twitter_card":"summary_large_image","twitter_misc":{"Est. reading time":"1 minute"},"schema":{"@context":"https:\/\/schema.org","@graph":[{"@type":"WebPage","@id":"https:\/\/publicacionesaquila.com\/producto\/2000-anos-del-poder-de-cristo-renacimiento-y-reforma\/","url":"https:\/\/publicacionesaquila.com\/producto\/2000-anos-del-poder-de-cristo-renacimiento-y-reforma\/","name":"2000 A\u00f1os del Poder de Cristo: Renacimiento y Reforma - Publicaciones Aquila","isPartOf":{"@id":"https:\/\/publicacionesaquila.com\/#website"},"primaryImageOfPage":{"@id":"https:\/\/publicacionesaquila.com\/producto\/2000-anos-del-poder-de-cristo-renacimiento-y-reforma\/#primaryimage"},"image":{"@id":"https:\/\/publicacionesaquila.com\/producto\/2000-anos-del-poder-de-cristo-renacimiento-y-reforma\/#primaryimage"},"thumbnailUrl":"https:\/\/publicacionesaquila.com\/wp-content\/uploads\/2026\/03\/2000-3.jpg","datePublished":"2026-03-10T17:20:52+00:00","dateModified":"2026-03-10T19:29:06+00:00","breadcrumb":{"@id":"https:\/\/publicacionesaquila.com\/producto\/2000-anos-del-poder-de-cristo-renacimiento-y-reforma\/#breadcrumb"},"inLanguage":"en-US","potentialAction":[{"@type":"ReadAction","target":["https:\/\/publicacionesaquila.com\/producto\/2000-anos-del-poder-de-cristo-renacimiento-y-reforma\/"]}]},{"@type":"ImageObject","inLanguage":"en-US","@id":"https:\/\/publicacionesaquila.com\/producto\/2000-anos-del-poder-de-cristo-renacimiento-y-reforma\/#primaryimage","url":"https:\/\/publicacionesaquila.com\/wp-content\/uploads\/2026\/03\/2000-3.jpg","contentUrl":"https:\/\/publicacionesaquila.com\/wp-content\/uploads\/2026\/03\/2000-3.jpg","width":1080,"height":1080},{"@type":"BreadcrumbList","@id":"https:\/\/publicacionesaquila.com\/producto\/2000-anos-del-poder-de-cristo-renacimiento-y-reforma\/#breadcrumb","itemListElement":[{"@type":"ListItem","position":1,"name":"Portada","item":"https:\/\/publicacionesaquila.com\/"},{"@type":"ListItem","position":2,"name":"Publicaciones","item":"https:\/\/publicacionesaquila.com\/publicaciones\/"},{"@type":"ListItem","position":3,"name":"2000 A\u00f1os del Poder de Cristo: Renacimiento y Reforma"}]},{"@type":"WebSite","@id":"https:\/\/publicacionesaquila.com\/#website","url":"https:\/\/publicacionesaquila.com\/","name":"Aquila Publications","description":"Cat\u00e1logo de Libros","potentialAction":[{"@type":"SearchAction","target":{"@type":"EntryPoint","urlTemplate":"https:\/\/publicacionesaquila.com\/?s={search_term_string}"},"query-input":{"@type":"PropertyValueSpecification","valueRequired":true,"valueName":"search_term_string"}}],"inLanguage":"en-US"}]}},"_links":{"self":[{"href":"https:\/\/publicacionesaquila.com\/en\/wp-json\/wp\/v2\/product\/4935","targetHints":{"allow":["GET"]}}],"collection":[{"href":"https:\/\/publicacionesaquila.com\/en\/wp-json\/wp\/v2\/product"}],"about":[{"href":"https:\/\/publicacionesaquila.com\/en\/wp-json\/wp\/v2\/types\/product"}],"replies":[{"embeddable":true,"href":"https:\/\/publicacionesaquila.com\/en\/wp-json\/wp\/v2\/comments?post=4935"}],"wp:featuredmedia":[{"embeddable":true,"href":"https:\/\/publicacionesaquila.com\/en\/wp-json\/wp\/v2\/media\/4943"}],"wp:attachment":[{"href":"https:\/\/publicacionesaquila.com\/en\/wp-json\/wp\/v2\/media?parent=4935"}],"wp:term":[{"taxonomy":"product_brand","embeddable":true,"href":"https:\/\/publicacionesaquila.com\/en\/wp-json\/wp\/v2\/product_brand?post=4935"},{"taxonomy":"product_cat","embeddable":true,"href":"https:\/\/publicacionesaquila.com\/en\/wp-json\/wp\/v2\/product_cat?post=4935"},{"taxonomy":"product_tag","embeddable":true,"href":"https:\/\/publicacionesaquila.com\/en\/wp-json\/wp\/v2\/product_tag?post=4935"}],"curies":[{"name":"wp","href":"https:\/\/api.w.org\/{rel}","templated":true}]}}